{"id":10492,"date":"2024-09-23T20:40:32","date_gmt":"2024-09-23T18:40:32","guid":{"rendered":"https:\/\/aulavoirsolidaire.fr\/?page_id=10492"},"modified":"2024-12-05T13:44:50","modified_gmt":"2024-12-05T11:44:50","slug":"lassociation","status":"publish","type":"page","link":"https:\/\/aulavoirsolidaire.fr\/?page_id=10492","title":{"rendered":"L&#8217;ASSOCIATION"},"content":{"rendered":"\t\t<div data-elementor-type=\"wp-page\" data-elementor-id=\"10492\" class=\"elementor elementor-10492\" data-elementor-post-type=\"page\">\n\t\t\t\t\t\t<section class=\"elementor-section elementor-top-section elementor-element elementor-element-759f45b2 elementor-section-full_width elementor-reverse-tablet elementor-reverse-mobile elementor-section-height-default elementor-section-height-default wpr-particle-no wpr-jarallax-no wpr-parallax-no wpr-sticky-section-no\" data-id=\"759f45b2\" data-element_type=\"section\" data-settings=\"{&quot;background_background&quot;:&quot;classic&quot;}\">\n\t\t\t\t\t\t<div class=\"elementor-container elementor-column-gap-default\">\n\t\t\t\t\t<div class=\"elementor-column elementor-col-50 elementor-top-column elementor-element elementor-element-1f8e87f7\" data-id=\"1f8e87f7\" data-element_type=\"column\">\n\t\t\t<div class=\"elementor-widget-wrap elementor-element-populated\">\n\t\t\t\t\t\t<div class=\"elementor-element elementor-element-6eaf2ea elementor-widget-tablet__width-initial elementor-invisible elementor-widget elementor-widget-heading\" data-id=\"6eaf2ea\" data-element_type=\"widget\" data-settings=\"{&quot;_animation&quot;:&quot;fadeInUp&quot;,&quot;_animation_delay&quot;:400}\" data-widget_type=\"heading.default\">\n\t\t\t\t<div class=\"elementor-widget-container\">\n\t\t\t<h1 class=\"elementor-heading-title elementor-size-default\">cHAQUE JOUR, NOUS TISSONS LES FILS DE LA SOLIDARIT\u00c9<\/h1>\t\t<\/div>\n\t\t\t\t<\/div>\n\t\t\t\t<div class=\"elementor-element elementor-element-7956ca0 elementor-invisible elementor-widget elementor-widget-text-editor\" data-id=\"7956ca0\" data-element_type=\"widget\" data-settings=\"{&quot;_animation&quot;:&quot;fadeInUp&quot;}\" data-widget_type=\"text-editor.default\">\n\t\t\t\t<div class=\"elementor-widget-container\">\n\t\t\t\t\t\t\t<p>Chez <em>Au Lavoir<\/em>, nous allons bien au-del\u00e0 d\u2019un simple service de laverie. Nous croyons en la force du lien social et de la solidarit\u00e9. Chaque jour, nous cr\u00e9ons un espace d\u2019\u00e9changes et de partage, ouvert \u00e0 tous.\u00a0<span style=\"font-size: 1em;\">Nous sommes convaincus que c\u2019est ainsi que nous pouvons construire une soci\u00e9t\u00e9 plus juste.<\/span><\/p>\t\t\t\t\t\t<\/div>\n\t\t\t\t<\/div>\n\t\t\t\t\t<\/div>\n\t\t<\/div>\n\t\t\t\t<div class=\"elementor-column elementor-col-50 elementor-top-column elementor-element elementor-element-19da0fd9\" data-id=\"19da0fd9\" data-element_type=\"column\" data-settings=\"{&quot;background_background&quot;:&quot;classic&quot;}\">\n\t\t\t<div class=\"elementor-widget-wrap elementor-element-populated\">\n\t\t\t\t\t<div class=\"elementor-background-overlay\"><\/div>\n\t\t\t\t\t\t<div class=\"elementor-element elementor-element-1e5e72ff elementor-widget elementor-widget-image-carousel\" data-id=\"1e5e72ff\" data-element_type=\"widget\" data-settings=\"{&quot;slides_to_show&quot;:&quot;1&quot;,&quot;navigation&quot;:&quot;none&quot;,&quot;pause_on_hover&quot;:&quot;no&quot;,&quot;autoplay_speed&quot;:&quot;4000&quot;,&quot;effect&quot;:&quot;fade&quot;,&quot;pause_on_interaction&quot;:&quot;no&quot;,&quot;autoplay&quot;:&quot;yes&quot;,&quot;infinite&quot;:&quot;yes&quot;,&quot;speed&quot;:500}\" data-widget_type=\"image-carousel.default\">\n\t\t\t\t<div class=\"elementor-widget-container\">\n\t\t\t\t\t<div class=\"elementor-image-carousel-wrapper swiper\" dir=\"ltr\">\n\t\t\t<div class=\"elementor-image-carousel swiper-wrapper swiper-image-stretch\" aria-live=\"off\">\n\t\t\t\t\t\t\t\t<div class=\"swiper-slide\" role=\"group\" aria-roledescription=\"slide\" aria-label=\"1 sur 3\"><figure class=\"swiper-slide-inner\"><img decoding=\"async\" class=\"swiper-slide-image\" src=\"https:\/\/aulavoirsolidaire.fr\/wp-content\/uploads\/2024\/11\/Sans-titre-1_Plan-de-travail-1-2.webp\" alt=\"Sans titre - 1_Plan de travail 1\" \/><\/figure><\/div><div class=\"swiper-slide\" role=\"group\" aria-roledescription=\"slide\" aria-label=\"2 sur 3\"><figure class=\"swiper-slide-inner\"><img decoding=\"async\" class=\"swiper-slide-image\" src=\"https:\/\/aulavoirsolidaire.fr\/wp-content\/uploads\/2024\/11\/Sans-titre-1-02-2.webp\" alt=\"Sans titre - 1-02\" \/><\/figure><\/div><div class=\"swiper-slide\" role=\"group\" aria-roledescription=\"slide\" aria-label=\"3 sur 3\"><figure class=\"swiper-slide-inner\"><img decoding=\"async\" class=\"swiper-slide-image\" src=\"https:\/\/aulavoirsolidaire.fr\/wp-content\/uploads\/2024\/11\/Sans-titre-1-03-2.webp\" alt=\"Sans titre - 1-03\" \/><\/figure><\/div>\t\t\t<\/div>\n\t\t\t\t\t\t\t\n\t\t\t\t\t\t\t\t\t<\/div>\n\t\t\t\t<\/div>\n\t\t\t\t<\/div>\n\t\t\t\t<div class=\"elementor-element elementor-element-6b38a83b elementor-hidden-tablet elementor-hidden-phone elementor-widget elementor-widget-spacer\" data-id=\"6b38a83b\" data-element_type=\"widget\" data-settings=\"{&quot;motion_fx_motion_fx_scrolling&quot;:&quot;yes&quot;,&quot;motion_fx_translateX_effect&quot;:&quot;yes&quot;,&quot;motion_fx_translateX_speed&quot;:{&quot;unit&quot;:&quot;px&quot;,&quot;size&quot;:&quot;0.8&quot;,&quot;sizes&quot;:[]},&quot;motion_fx_devices&quot;:[&quot;desktop&quot;],&quot;motion_fx_translateX_affectedRange&quot;:{&quot;unit&quot;:&quot;%&quot;,&quot;size&quot;:&quot;&quot;,&quot;sizes&quot;:{&quot;start&quot;:0,&quot;end&quot;:100}}}\" data-widget_type=\"spacer.default\">\n\t\t\t\t<div class=\"elementor-widget-container\">\n\t\t\t\t\t<div class=\"elementor-spacer\">\n\t\t\t<div class=\"elementor-spacer-inner\"><\/div>\n\t\t<\/div>\n\t\t\t\t<\/div>\n\t\t\t\t<\/div>\n\t\t\t\t\t<\/div>\n\t\t<\/div>\n\t\t\t\t\t<\/div>\n\t\t<\/section>\n\t\t\t\t<section class=\"elementor-section elementor-top-section elementor-element elementor-element-1dfcce7 elementor-section-full_width elementor-section-height-default elementor-section-height-default wpr-particle-no wpr-jarallax-no wpr-parallax-no wpr-sticky-section-no\" data-id=\"1dfcce7\" data-element_type=\"section\">\n\t\t\t\t\t\t<div class=\"elementor-container elementor-column-gap-default\">\n\t\t\t\t\t<div class=\"elementor-column elementor-col-50 elementor-top-column elementor-element elementor-element-70edf3c\" data-id=\"70edf3c\" data-element_type=\"column\">\n\t\t\t<div class=\"elementor-widget-wrap elementor-element-populated\">\n\t\t\t\t\t\t<div class=\"elementor-element elementor-element-276c0ac elementor-widget__width-initial elementor-widget elementor-widget-image\" data-id=\"276c0ac\" data-element_type=\"widget\" data-widget_type=\"image.default\">\n\t\t\t\t<div class=\"elementor-widget-container\">\n\t\t\t\t\t\t\t\t\t\t\t\t\t<img fetchpriority=\"high\" decoding=\"async\" width=\"960\" height=\"867\" src=\"https:\/\/aulavoirsolidaire.fr\/wp-content\/uploads\/2024\/11\/Sans-titre-1-03.webp\" class=\"attachment-full size-full wp-image-11303\" alt=\"\" srcset=\"https:\/\/aulavoirsolidaire.fr\/wp-content\/uploads\/2024\/11\/Sans-titre-1-03.webp 960w, https:\/\/aulavoirsolidaire.fr\/wp-content\/uploads\/2024\/11\/Sans-titre-1-03-768x694.webp 768w\" sizes=\"(max-width: 34.9rem) calc(100vw - 2rem), (max-width: 53rem) calc(8 * (100vw \/ 12)), (min-width: 53rem) calc(6 * (100vw \/ 12)), 100vw\" \/>\t\t\t\t\t\t\t\t\t\t\t\t\t<\/div>\n\t\t\t\t<\/div>\n\t\t\t\t\t<\/div>\n\t\t<\/div>\n\t\t\t\t<div class=\"elementor-column elementor-col-50 elementor-top-column elementor-element elementor-element-f33d390\" data-id=\"f33d390\" data-element_type=\"column\">\n\t\t\t<div class=\"elementor-widget-wrap elementor-element-populated\">\n\t\t\t\t\t\t<div class=\"elementor-element elementor-element-164a0de elementor-widget-tablet__width-initial elementor-invisible elementor-widget elementor-widget-heading\" data-id=\"164a0de\" data-element_type=\"widget\" data-settings=\"{&quot;_animation&quot;:&quot;fadeInUp&quot;,&quot;_animation_delay&quot;:400}\" data-widget_type=\"heading.default\">\n\t\t\t\t<div class=\"elementor-widget-container\">\n\t\t\t<h1 class=\"elementor-heading-title elementor-size-default\">UNE HISTOIRE D'ENGAGEMENT DEPUIS PLUS DE 10 ANS<\/h1>\t\t<\/div>\n\t\t\t\t<\/div>\n\t\t\t\t<div class=\"elementor-element elementor-element-a08f388 elementor-invisible elementor-widget elementor-widget-text-editor\" data-id=\"a08f388\" data-element_type=\"widget\" data-settings=\"{&quot;_animation&quot;:&quot;fadeInUp&quot;}\" data-widget_type=\"text-editor.default\">\n\t\t\t\t<div class=\"elementor-widget-container\">\n\t\t\t\t\t\t\t<p>Cr\u00e9\u00e9e en 2012, <em>Au Lavoir<\/em> a \u00e9volu\u00e9 au fil des ans pour devenir un acteur incontournable de la solidarit\u00e9 locale. Depuis janvier 2021, nous sommes conventionn\u00e9s en tant qu&#8217;Atelier Chantier d\u2019Insertion (ACI), renfor\u00e7ant ainsi notre engagement pour l\u2019insertion professionnelle. \u00c0 travers nos ateliers, nous offrons une v\u00e9ritable opportunit\u00e9 de retour \u00e0 l&#8217;emploi pour ceux qui en sont \u00e9loign\u00e9s.<\/p>\t\t\t\t\t\t<\/div>\n\t\t\t\t<\/div>\n\t\t\t\t\t<\/div>\n\t\t<\/div>\n\t\t\t\t\t<\/div>\n\t\t<\/section>\n\t\t\t\t<section class=\"elementor-section elementor-top-section elementor-element elementor-element-3a9c0ae4 elementor-section-content-middle elementor-section-full_width elementor-section-height-default elementor-section-height-default wpr-particle-no wpr-jarallax-no wpr-parallax-no wpr-sticky-section-no\" data-id=\"3a9c0ae4\" data-element_type=\"section\" data-settings=\"{&quot;background_background&quot;:&quot;classic&quot;}\">\n\t\t\t\t\t\t<div class=\"elementor-container elementor-column-gap-no\">\n\t\t\t\t\t<div class=\"elementor-column elementor-col-50 elementor-top-column elementor-element elementor-element-2d004248\" data-id=\"2d004248\" data-element_type=\"column\">\n\t\t\t<div class=\"elementor-widget-wrap elementor-element-populated\">\n\t\t\t\t\t\t<div class=\"elementor-element elementor-element-26838be elementor-widget elementor-widget-image\" data-id=\"26838be\" data-element_type=\"widget\" data-widget_type=\"image.default\">\n\t\t\t\t<div class=\"elementor-widget-container\">\n\t\t\t\t\t\t\t\t\t\t\t\t\t<img decoding=\"async\" width=\"853\" height=\"569\" src=\"https:\/\/aulavoirsolidaire.fr\/wp-content\/uploads\/2024\/10\/Fichier-2.webp\" class=\"attachment-full size-full wp-image-10858\" alt=\"\" srcset=\"https:\/\/aulavoirsolidaire.fr\/wp-content\/uploads\/2024\/10\/Fichier-2.webp 853w, https:\/\/aulavoirsolidaire.fr\/wp-content\/uploads\/2024\/10\/Fichier-2-768x512.webp 768w\" sizes=\"(max-width: 34.9rem) calc(100vw - 2rem), (max-width: 53rem) calc(8 * (100vw \/ 12)), (min-width: 53rem) calc(6 * (100vw \/ 12)), 100vw\" \/>\t\t\t\t\t\t\t\t\t\t\t\t\t<\/div>\n\t\t\t\t<\/div>\n\t\t\t\t\t<\/div>\n\t\t<\/div>\n\t\t\t\t<div class=\"elementor-column elementor-col-50 elementor-top-column elementor-element elementor-element-313f8750\" data-id=\"313f8750\" data-element_type=\"column\">\n\t\t\t<div class=\"elementor-widget-wrap elementor-element-populated\">\n\t\t\t\t\t\t<div class=\"elementor-element elementor-element-5822bb8 elementor-widget-tablet__width-initial elementor-invisible elementor-widget elementor-widget-heading\" data-id=\"5822bb8\" data-element_type=\"widget\" data-settings=\"{&quot;_animation&quot;:&quot;fadeInUp&quot;,&quot;_animation_delay&quot;:400}\" data-widget_type=\"heading.default\">\n\t\t\t\t<div class=\"elementor-widget-container\">\n\t\t\t<h1 class=\"elementor-heading-title elementor-size-default\">REJOINGEZ-NOUS !<\/h1>\t\t<\/div>\n\t\t\t\t<\/div>\n\t\t\t\t<div class=\"elementor-element elementor-element-291e1f44 elementor-invisible elementor-widget elementor-widget-text-editor\" data-id=\"291e1f44\" data-element_type=\"widget\" data-settings=\"{&quot;_animation&quot;:&quot;fadeInUp&quot;,&quot;_animation_delay&quot;:600}\" data-widget_type=\"text-editor.default\">\n\t\t\t\t<div class=\"elementor-widget-container\">\n\t\t\t\t\t\t\t<p>En adh\u00e9rant \u00e0 <em>Au Lavoir<\/em>, vous devenez acteur d\u2019une initiative qui va au-del\u00e0 de l\u2019entretien du linge. Rejoignez-nous pour partager nos valeurs et contribuer \u00e0 une soci\u00e9t\u00e9 plus solidaire. Ici, chaque geste compte et chaque sourire rapproche. Venez nous rencontrer et d\u00e9couvrez une nouvelle mani\u00e8re de vivre la solidarit\u00e9 au quotidien.<\/p>\t\t\t\t\t\t<\/div>\n\t\t\t\t<\/div>\n\t\t\t\t<div class=\"elementor-element elementor-element-0160bdc elementor-widget elementor-widget-button\" data-id=\"0160bdc\" data-element_type=\"widget\" data-widget_type=\"button.default\">\n\t\t\t\t<div class=\"elementor-widget-container\">\n\t\t\t\t\t<div class=\"elementor-button-wrapper\">\n\t\t\t<a class=\"elementor-button elementor-button-link elementor-size-sm elementor-animation-shrink\" href=\"https:\/\/aulavoirsolidaire.fr\/?page_id=610\">\n\t\t\t\t\t\t<span class=\"elementor-button-content-wrapper\">\n\t\t\t\t\t\t<span class=\"elementor-button-icon\">\n\t\t\t\t<i aria-hidden=\"true\" class=\"fas fa-handshake\"><\/i>\t\t\t<\/span>\n\t\t\t\t\t\t\t\t\t<span class=\"elementor-button-text\">faisons connaissance !<\/span>\n\t\t\t\t\t<\/span>\n\t\t\t\t\t<\/a>\n\t\t<\/div>\n\t\t\t\t<\/div>\n\t\t\t\t<\/div>\n\t\t\t\t\t<\/div>\n\t\t<\/div>\n\t\t\t\t\t<\/div>\n\t\t<\/section>\n\t\t\t\t<\/div>\n\t\t","protected":false},"excerpt":{"rendered":"<p>cHAQUE JOUR, NOUS TISSONS LES FILS DE LA SOLIDARIT\u00c9 Chez Au Lavoir, nous allons bien au-del\u00e0 d\u2019un simple service de laverie. Nous croyons en la force du lien social et de la solidarit\u00e9. Chaque jour, nous cr\u00e9ons un espace d\u2019\u00e9changes et de partage, ouvert \u00e0 tous.\u00a0Nous sommes convaincus que c\u2019est ainsi que nous pouvons construire une soci\u00e9t\u00e9 plus juste. UNE HISTOIRE D&#8217;ENGAGEMENT DEPUIS PLUS DE 10 ANS Cr\u00e9\u00e9e en 2012, Au Lavoir a \u00e9volu\u00e9 au fil des ans pour devenir un acteur incontournable de la solidarit\u00e9 locale. Depuis janvier 2021, nous sommes conventionn\u00e9s en tant qu&#8217;Atelier Chantier d\u2019Insertion (ACI), renfor\u00e7ant ainsi notre engagement pour l\u2019insertion professionnelle. \u00c0 travers nos ateliers, nous offrons une v\u00e9ritable opportunit\u00e9 de retour \u00e0 l&#8217;emploi pour ceux qui en sont \u00e9loign\u00e9s. REJOINGEZ-NOUS ! En adh\u00e9rant \u00e0 Au Lavoir, vous devenez acteur d\u2019une initiative qui va au-del\u00e0 de l\u2019entretien du linge. Rejoignez-nous pour partager nos valeurs et contribuer \u00e0 une soci\u00e9t\u00e9 plus solidaire. Ici, chaque geste compte et chaque sourire rapproche. Venez nous rencontrer et d\u00e9couvrez une nouvelle mani\u00e8re de vivre la solidarit\u00e9 au quotidien. faisons connaissance !<\/p>\n","protected":false},"author":3,"featured_media":0,"parent":0,"menu_order":0,"comment_status":"closed","ping_status":"closed","template":"elementor_header_footer","meta":{"footnotes":""},"class_list":["post-10492","page","type-page","status-publish","hentry","entry"],"_links":{"self":[{"href":"https:\/\/aulavoirsolidaire.fr\/index.php?rest_route=\/wp\/v2\/pages\/10492","targetHints":{"allow":["GET"]}}],"collection":[{"href":"https:\/\/aulavoirsolidaire.fr\/index.php?rest_route=\/wp\/v2\/pages"}],"about":[{"href":"https:\/\/aulavoirsolidaire.fr\/index.php?rest_route=\/wp\/v2\/types\/page"}],"author":[{"embeddable":true,"href":"https:\/\/aulavoirsolidaire.fr\/index.php?rest_route=\/wp\/v2\/users\/3"}],"replies":[{"embeddable":true,"href":"https:\/\/aulavoirsolidaire.fr\/index.php?rest_route=%2Fwp%2Fv2%2Fcomments&post=10492"}],"version-history":[{"count":19,"href":"https:\/\/aulavoirsolidaire.fr\/index.php?rest_route=\/wp\/v2\/pages\/10492\/revisions"}],"predecessor-version":[{"id":11755,"href":"https:\/\/aulavoirsolidaire.fr\/index.php?rest_route=\/wp\/v2\/pages\/10492\/revisions\/11755"}],"wp:attachment":[{"href":"https:\/\/aulavoirsolidaire.fr\/index.php?rest_route=%2Fwp%2Fv2%2Fmedia&parent=10492"}],"curies":[{"name":"wp","href":"https:\/\/api.w.org\/{rel}","templated":true}]}}